{"id":6421,"date":"2020-12-28T12:54:21","date_gmt":"2020-12-28T10:54:21","guid":{"rendered":"https:\/\/maresmecircular.cat\/?page_id=6421"},"modified":"2025-05-26T00:04:58","modified_gmt":"2025-05-25T22:04:58","slug":"consorcio-para-el-tratamiento-de-residuos-solidos-urbanos-del-maresme","status":"publish","type":"page","link":"https:\/\/maresmecircular.cat\/es\/consorcio-para-el-tratamiento-de-residuos-solidos-urbanos-del-maresme\/","title":{"rendered":"Consorcio para el Tratamiento de Residuos S\u00f3lidos Urbanos del Maresme"},"content":{"rendered":"<p>[vc_row css=\u00bb.vc_custom_1606137435723{margin-top: 30px !important;}\u00bb][vc_column][vc_row_inner][vc_column_inner width=\u00bb1\/4&#8243;][vc_single_image image=\u00bb6676&#8243; img_size=\u00bbmedium\u00bb][\/vc_column_inner][vc_column_inner width=\u00bb3\/4&#8243;][vc_column_text]<\/p>\n<h3 style=\"text-align: center;\">El Consorcio para el Tratamiento de Residuos S\u00f3lidos Urbanos del Maresme es una entidad administrativa constituida por la Diputaci\u00f3n de Barcelona, el Consejo Comarcal del Maresme y 28 municipios de la comarca del Maresme<\/h3>\n<p>[\/vc_column_text][\/vc_column_inner][\/vc_row_inner][vc_row_inner][vc_column_inner width=\u00bb1\/4&#8243;]<div class=\"services-grid box  fadeIn\" data-wow-delay=\"0.1s\"><div class=\"hi-icon-effect \"><div class=\"hi-icon fas fa-landmark\"><\/div><h3 class=\"service-name\">Ayuntamientos Consorciados<\/h3><p class=\"service-text\"><\/p><a href=\"https:\/\/maresmecircular.cat\/consorci-per-al-tractament-de-residus-solids-urbans-del-maresme\/el-consorci\/\" class=\"service-read\">Acceder<\/a><\/div>\n            <\/div>[\/vc_column_inner][vc_column_inner width=\u00bb1\/4&#8243;]<div class=\"services-grid box  fadeIn\" data-wow-delay=\"0.1s\"><div class=\"hi-icon-effect \"><div class=\"hi-icon fas fa-chart-pie\"><\/div><h3 class=\"service-name\">Datos Estad\u00edsticos<\/h3><p class=\"service-text\"><\/p><a href=\"https:\/\/app.powerbi.com\/view?r=eyJrIjoiNTMzYmNhMTgtMmIzZi00OTNkLWJiZDktZTI5OGQ3NGRlZDMwIiwidCI6ImE5NmY5ZjhjLTNiMmUtNDk2Ni1iOTI5LTcwNDBmYzcwZTVjMCJ9\" class=\"service-read\">Acceder<\/a><\/div>\n            <\/div>[\/vc_column_inner][vc_column_inner width=\u00bb1\/4&#8243;]<div class=\"services-grid box  fadeIn\" data-wow-delay=\"0.1s\"><div class=\"hi-icon-effect \"><div class=\"hi-icon fas fa-search-plus\"><\/div><h3 class=\"service-name\">Gobierno Abierto y Transparencia<\/h3><p class=\"service-text\"><\/p><a href=\"https:\/\/www.seu-e.cat\/ca\/web\/ctractamentresidussolidsurbansmaresme\/govern-obert-i-transparencia\" class=\"service-read\">Acceder<\/a><\/div>\n            <\/div>[\/vc_column_inner][vc_column_inner width=\u00bb1\/4&#8243;]<div class=\"services-grid box  fadeIn\" data-wow-delay=\"0.1s\"><div class=\"hi-icon-effect \"><div class=\"hi-icon image\"><img decoding=\"async\" src=\"https:\/\/maresmecircular.cat\/wp-content\/uploads\/2020\/11\/un-volt-als-residus.png\" alt=\"\"><\/div><h3 class=\"service-name\">Un volt als residus<\/h3><p class=\"service-text\"><\/p><a href=\"https:\/\/maresmecircular.cat\/un-volt-als-residus\/\" class=\"service-read\">Acceder<\/a><\/div>\n            <\/div>[\/vc_column_inner][\/vc_row_inner][\/vc_column][\/vc_row][vc_row][vc_column css_animation=\u00bbbounceIn\u00bb][vc_message]<\/p>\n<h2>Canal de denuncias del Consorci de Residus del Maresme. Ley 2\/2023.<\/h2>\n<p>El canal de denuncias es un canal seguro de Comunicaci\u00f3n\u00a0que nace de la conveniencia de ofrecer un espacio que permita tener conocimiento de cualquier acci\u00f3n u omisi\u00f3n contraria al derecho.<br \/>\nIncluye mecanismos para garantizar la\u00a0confidencialidad y el anonimato de todas las informaciones y\u00a0ofrece un espacio de comunicaci\u00f3n seguro\u00a0para mantener el contacto con el \u00f3rgano gestor y saber el estado de tramitaci\u00f3n.<br \/>\nCualquier persona que tenga una relaci\u00f3n con el Consorci puede facilitar informaci\u00f3n,\u00a0sin sufrir represalias.<\/p>\n<p style=\"text-align: center;\"><strong><a style=\"color: #00ccff;\" href=\"https:\/\/mataro.bustiaetica.seu-e.cat\/#\/\" target=\"_blank\" rel=\"noopener\">Enlace al canal de denuncias del Consorci de Residus del Maresme<\/a><\/strong><\/p>\n<p>Tambi\u00e9n pod\u00e9is hacer llegar vuestras comunicaciones a trav\u00e9s del 937582647 o por correo postal dirigido al Servicio de Estrategia y Gobernanza del Ayuntamiento de Matar\u00f3 (c\/Cuba, 47) o a otros canales externos:<\/p>\n<p><span style=\"color: #00ccff;\"> &#8211; <a style=\"color: #00ccff;\" href=\"https:\/\/www.antifrau.cat\/es\/comunicaciones-anonimas\" target=\"_blank\" rel=\"noopener\">Buz\u00f3n de denuncias an\u00f3nimas de la Oficina Antifraude de Catalu\u00f1a.<\/a><a style=\"color: #00ccff;\"><br \/>\n&#8211; <\/a><a style=\"color: #00ccff;\" href=\"https:\/\/www.fiscal.es\/ca\/-\/fiscalia-provincial-de-barcelona\" target=\"_blank\" rel=\"noopener\">Fiscal\u00eda Provincial de Barcelona.<\/a><a style=\"color: #00ccff;\"><br \/>\n&#8211; <\/a><a style=\"color: #00ccff;\" href=\"https:\/\/www.igae.pap.hacienda.gob.es\/sitios\/igae\/es-ES\/snca\/Paginas\/ComunicacionSNCA.aspx\" target=\"_blank\" rel=\"noopener\">Servicio Nacional de Coordinaci\u00f3n Antifraude (en caso de delitos referidos al Derecho de la Uni\u00f3n Europea).<\/a><\/span>[\/vc_message][\/vc_column][\/vc_row][vc_row][vc_column]<div class=\"promo-block  \">\n\t\t\t\t<h1 class=\"title-p-line\">\u00daltimas Noticias<span class=\"promo-line\"><\/span><\/h1><\/div><div class=\"blog-main row tile\"> <div class=\"col-md-4 col-xs-12\"> <div class=\"blog-images\"><div class=\"post-thumbnail\"><a href=\"https:\/\/maresmecircular.cat\/es\/consorcio\/el-parque-circular-mataro-maresme-en-el-congreso-mundial-de-arquitectura-2026\/\"><img decoding=\"async\" src=\"https:\/\/maresmecircular.cat\/wp-content\/uploads\/2026\/06\/Parc-circular.png\" alt=\"\"><\/a><a href=\"#\" class=\"blog-heart\"><i class=\"fas fa-heart\"><\/i><\/a>  <\/div> <\/div> <div class=\"blog-wrap\"><ul class=\"post-meta\"><li>MaresmeCircular<\/li><li class=\"category-tiles\"><a href=\"https:\/\/maresmecircular.cat\/es\/category\/consorcio\/\">El consorcio<\/a><\/li><li>junio 22, 2026<\/li><\/ul> <div class=\"blog-name\"><h3><a href=\"https:\/\/maresmecircular.cat\/es\/consorcio\/el-parque-circular-mataro-maresme-en-el-congreso-mundial-de-arquitectura-2026\/\">El Parque Circular Matar\u00f3-Maresme, en el Congreso Mundial de Arquitectura 2026<\/a><\/h3><\/div>  <div class=\"blog-text\"><p>El futuro equipamiento de referencia en econom\u00eda circular y prevenci\u00f3n de residuos formar\u00e1 parte de los itinerarios arquitect\u00f3nicos que se desarrollar\u00e1n en el marco del encuentro global m\u00e1s importante del sector, organizado por la Uni\u00f3n Internacional de Arquitectos (UIA) El Parque Circular Matar\u00f3-Maresme, un equipamiento pionero que acoger\u00e1 actividades orientadas a reparar, reutilizar y reducir...<\/p><\/div>  <div class=\"blog-button\"><a href=\"https:\/\/maresmecircular.cat\/es\/consorcio\/el-parque-circular-mataro-maresme-en-el-congreso-mundial-de-arquitectura-2026\/\">Read More<\/a><\/div>  <\/div>  <\/div> <div class=\"col-md-4 col-xs-12\"> <div class=\"blog-images\"><div class=\"post-thumbnail\"><a href=\"https:\/\/maresmecircular.cat\/es\/consorcio\/la-planta-de-residuos-de-mataro-reduce-el-tiempo-de-entrada-de-los-camiones-de-basura-al-recinto\/\"><img decoding=\"async\" src=\"https:\/\/maresmecircular.cat\/wp-content\/uploads\/2026\/04\/01-Acces-automatitzat_Marga-Cruz-scaled.jpg\" alt=\"\"><\/a><a href=\"#\" class=\"blog-heart\"><i class=\"fas fa-heart\"><\/i><\/a>  <\/div> <\/div> <div class=\"blog-wrap\"><ul class=\"post-meta\"><li>MaresmeCircular<\/li><li class=\"category-tiles\"><a href=\"https:\/\/maresmecircular.cat\/es\/category\/consorcio\/\">El consorcio<\/a><\/li><li>abril 21, 2026<\/li><\/ul> <div class=\"blog-name\"><h3><a href=\"https:\/\/maresmecircular.cat\/es\/consorcio\/la-planta-de-residuos-de-mataro-reduce-el-tiempo-de-entrada-de-los-camiones-de-basura-al-recinto\/\">La planta de residuos de Matar\u00f3 reduce un 73% el tiempo de entrada de los camiones de basura al recinto con un sistema automatizado de control de acceso<\/a><\/h3><\/div>  <div class=\"blog-text\"><p>El nuevo sistema consiste en unos t\u00f3tems que integran un lector autom\u00e1tico de matr\u00edculas y un dispensador de tiques La actuaci\u00f3n forma parte de la estrategia de Maresme Circular para mejorar continuamente las instalaciones del Centro Integral de Valorizaci\u00f3n de Residuos del Maresme y consolidarse como referente en la gesti\u00f3n de residuos en el territorio...<\/p><\/div>  <div class=\"blog-button\"><a href=\"https:\/\/maresmecircular.cat\/es\/consorcio\/la-planta-de-residuos-de-mataro-reduce-el-tiempo-de-entrada-de-los-camiones-de-basura-al-recinto\/\">Read More<\/a><\/div>  <\/div>  <\/div> <div class=\"col-md-4 col-xs-12\"> <div class=\"blog-images\"><div class=\"post-thumbnail\"><a href=\"https:\/\/maresmecircular.cat\/es\/consorcio\/maresme-circular-presenta-una-nueva-campana-creada-con-talento-joven-de-la-fp-para-concienciar-sobre-la-necesidad-de-reducir-la-generacion-de-residuos\/\"><img decoding=\"async\" src=\"https:\/\/maresmecircular.cat\/wp-content\/uploads\/2026\/03\/Captura-de-Pantalla-2026-03-18-a-les-11.17.22.png\" alt=\"\"><\/a><a href=\"#\" class=\"blog-heart\"><i class=\"fas fa-heart\"><\/i><\/a>  <\/div> <\/div> <div class=\"blog-wrap\"><ul class=\"post-meta\"><li>MaresmeCircular<\/li><li class=\"category-tiles\"><a href=\"https:\/\/maresmecircular.cat\/es\/category\/consorcio\/\">El consorcio<\/a><\/li><li>marzo 18, 2026<\/li><\/ul> <div class=\"blog-name\"><h3><a href=\"https:\/\/maresmecircular.cat\/es\/consorcio\/maresme-circular-presenta-una-nueva-campana-creada-con-talento-joven-de-la-fp-para-concienciar-sobre-la-necesidad-de-reducir-la-generacion-de-residuos\/\">Maresme Circular presenta una nueva campa\u00f1a creada con talento joven de la FP para concienciar sobre la necesidad de reducir la generaci\u00f3n de residuos<\/a><\/h3><\/div>  <div class=\"blog-text\"><p>La iniciativa nace en el marco del programa Metr\u00f2polis FP Lab, que conecta empresas y entidades con estudiantes de formaci\u00f3n profesional para dar respuesta a retos reales La campa\u00f1a, que se emitir\u00e1 en TvMatar\u00f3 y en los canales digitales de la entidad, consiste en tres clips audiovisuales que muestran escenas cotidianas transformadas por el impacto...<\/p><\/div>  <div class=\"blog-button\"><a href=\"https:\/\/maresmecircular.cat\/es\/consorcio\/maresme-circular-presenta-una-nueva-campana-creada-con-talento-joven-de-la-fp-para-concienciar-sobre-la-necesidad-de-reducir-la-generacion-de-residuos\/\">Read More<\/a><\/div>  <\/div>  <\/div><\/div>[\/vc_column][\/vc_row][vc_row css=\u00bb.vc_custom_1609152859273{margin-top: 40px !important;}\u00bb][vc_column]<div class=\"promo-block  \">\n\t\t\t\t<h1 class=\"title-p-line\">Enlaces de inter\u00e9s<span class=\"promo-line\"><\/span><\/h1><\/div>[\/vc_column][\/vc_row][vc_row][vc_column width=\u00bb1\/5&#8243;][vc_single_image image=\u00bb4588&#8243; img_size=\u00bbmedium\u00bb onclick=\u00bbcustom_link\u00bb img_link_target=\u00bb_blank\u00bb link=\u00bbhttp:\/\/residus.gencat.cat\/es\/inici\/\u00bb][\/vc_column][vc_column width=\u00bb1\/5&#8243;][vc_single_image image=\u00bb4591&#8243; img_size=\u00bbmedium\u00bb onclick=\u00bbcustom_link\u00bb img_link_target=\u00bb_blank\u00bb link=\u00bbhttp:\/\/residus.gencat.cat\/es\/inici\/\u00bb][\/vc_column][vc_column width=\u00bb1\/5&#8243;][vc_single_image image=\u00bb4594&#8243; img_size=\u00bbmedium\u00bb onclick=\u00bbcustom_link\u00bb img_link_target=\u00bb_blank\u00bb link=\u00bbhttps:\/\/www.residusosona.cat\/\u00bb][\/vc_column][vc_column width=\u00bb1\/5&#8243;][vc_single_image image=\u00bb4597&#8243; img_size=\u00bbmedium\u00bb onclick=\u00bbcustom_link\u00bb img_link_target=\u00bb_blank\u00bb link=\u00bbhttp:\/\/www.consorcidelbages.cat\/\u00bb][\/vc_column][vc_column width=\u00bb1\/5&#8243;][vc_single_image image=\u00bb4600&#8243; img_size=\u00bbmedium\u00bb onclick=\u00bbcustom_link\u00bb img_link_target=\u00bb_blank\u00bb link=\u00bbhttps:\/\/cresidusvo.info\/conres\/portada\/index.php\u00bb][\/vc_column][\/vc_row]<\/p>\n","protected":false},"excerpt":{"rendered":"<p>[vc_row css=\u00bb.vc_custom_1606137435723{margin-top: 30px !important;}\u00bb][vc_column][vc_row_inner][vc_column_inner width=\u00bb1\/4&#8243;][vc_single_image image=\u00bb6676&#8243; img_size=\u00bbmedium\u00bb][\/vc_column_inner][vc_column_inner width=\u00bb3\/4&#8243;][vc_column_text] El Consorcio para el Tratamiento de Residuos S\u00f3lidos Urbanos del Maresme es una entidad administrativa constituida por la Diputaci\u00f3n de Barcelona, el Consejo Comarcal del Maresme y 28 municipios de la comarca del Maresme [\/vc_column_text][\/vc_column_inner][\/vc_row_inner][vc_row_inner][vc_column_inner width=\u00bb1\/4&#8243;][\/vc_column_inner][vc_column_inner width=\u00bb1\/4&#8243;][\/vc_column_inner][vc_column_inner width=\u00bb1\/4&#8243;][\/vc_column_inner][vc_column_inner width=\u00bb1\/4&#8243;][\/vc_column_inner][\/vc_row_inner][\/vc_column][\/vc_row][vc_row][vc_column css_animation=\u00bbbounceIn\u00bb][vc_message] Canal de denuncias del Consorci de Residus&#8230;<\/p>\n","protected":false},"author":1,"featured_media":6462,"parent":0,"menu_order":0,"comment_status":"closed","ping_status":"closed","template":"wpb-page-builder.php","meta":{"footnotes":""},"class_list":["post-6421","page","type-page","status-publish","has-post-thumbnail","hentry"],"yoast_head":"<!-- This site is optimized with the Yoast SEO plugin v24.6 - https:\/\/yoast.com\/wordpress\/plugins\/seo\/ -->\n<title>Consorcio para el Tratamiento de Residuos S\u00f3lidos Urbanos del Maresme | Maresme Circular<\/title>\n<meta name=\"robots\" content=\"index, follow, max-snippet:-1, max-image-preview:large, max-video-preview:-1\" \/>\n<link rel=\"canonical\" href=\"https:\/\/maresmecircular.cat\/es\/consorcio-para-el-tratamiento-de-residuos-solidos-urbanos-del-maresme\/\" \/>\n<meta property=\"og:locale\" content=\"es_ES\" \/>\n<meta property=\"og:type\" content=\"article\" \/>\n<meta property=\"og:title\" content=\"Consorcio para el Tratamiento de Residuos S\u00f3lidos Urbanos del Maresme | Maresme Circular\" \/>\n<meta property=\"og:description\" content=\"[vc_row css=\u00bb.vc_custom_1606137435723{margin-top: 30px !important;}\u00bb][vc_column][vc_row_inner][vc_column_inner width=\u00bb1\/4&#8243;][vc_single_image image=\u00bb6676&#8243; img_size=\u00bbmedium\u00bb][\/vc_column_inner][vc_column_inner width=\u00bb3\/4&#8243;][vc_column_text] El Consorcio para el Tratamiento de Residuos S\u00f3lidos Urbanos del Maresme es una entidad administrativa constituida por la Diputaci\u00f3n de Barcelona, el Consejo Comarcal del Maresme y 28 municipios de la comarca del Maresme [\/vc_column_text][\/vc_column_inner][\/vc_row_inner][vc_row_inner][vc_column_inner width=\u00bb1\/4&#8243;][\/vc_column_inner][vc_column_inner width=\u00bb1\/4&#8243;][\/vc_column_inner][vc_column_inner width=\u00bb1\/4&#8243;][\/vc_column_inner][vc_column_inner width=\u00bb1\/4&#8243;][\/vc_column_inner][\/vc_row_inner][\/vc_column][\/vc_row][vc_row][vc_column css_animation=\u00bbbounceIn\u00bb][vc_message] Canal de denuncias del Consorci de Residus...\" \/>\n<meta property=\"og:url\" content=\"https:\/\/maresmecircular.cat\/es\/consorcio-para-el-tratamiento-de-residuos-solidos-urbanos-del-maresme\/\" \/>\n<meta property=\"og:site_name\" content=\"Maresme Circular\" \/>\n<meta property=\"article:modified_time\" content=\"2025-05-25T22:04:58+00:00\" \/>\n<meta property=\"og:image\" content=\"https:\/\/maresmecircular.cat\/wp-content\/uploads\/2020\/12\/ctrum-banner.png\" \/>\n\t<meta property=\"og:image:width\" content=\"1435\" \/>\n\t<meta property=\"og:image:height\" content=\"543\" \/>\n\t<meta property=\"og:image:type\" content=\"image\/png\" \/>\n<meta name=\"twitter:card\" content=\"summary_large_image\" \/>\n<meta name=\"twitter:label1\" content=\"Tiempo de lectura\" \/>\n\t<meta name=\"twitter:data1\" content=\"2 minutos\" \/>\n<script type=\"application\/ld+json\" class=\"yoast-schema-graph\">{\"@context\":\"https:\/\/schema.org\",\"@graph\":[{\"@type\":\"WebPage\",\"@id\":\"https:\/\/maresmecircular.cat\/es\/consorcio-para-el-tratamiento-de-residuos-solidos-urbanos-del-maresme\/\",\"url\":\"https:\/\/maresmecircular.cat\/es\/consorcio-para-el-tratamiento-de-residuos-solidos-urbanos-del-maresme\/\",\"name\":\"Consorcio para el Tratamiento de Residuos S\u00f3lidos Urbanos del Maresme | Maresme Circular\",\"isPartOf\":{\"@id\":\"https:\/\/maresmecircular.cat\/#website\"},\"primaryImageOfPage\":{\"@id\":\"https:\/\/maresmecircular.cat\/es\/consorcio-para-el-tratamiento-de-residuos-solidos-urbanos-del-maresme\/#primaryimage\"},\"image\":{\"@id\":\"https:\/\/maresmecircular.cat\/es\/consorcio-para-el-tratamiento-de-residuos-solidos-urbanos-del-maresme\/#primaryimage\"},\"thumbnailUrl\":\"https:\/\/maresmecircular.cat\/wp-content\/uploads\/2020\/12\/ctrum-banner.png\",\"datePublished\":\"2020-12-28T10:54:21+00:00\",\"dateModified\":\"2025-05-25T22:04:58+00:00\",\"breadcrumb\":{\"@id\":\"https:\/\/maresmecircular.cat\/es\/consorcio-para-el-tratamiento-de-residuos-solidos-urbanos-del-maresme\/#breadcrumb\"},\"inLanguage\":\"es\",\"potentialAction\":[{\"@type\":\"ReadAction\",\"target\":[\"https:\/\/maresmecircular.cat\/es\/consorcio-para-el-tratamiento-de-residuos-solidos-urbanos-del-maresme\/\"]}]},{\"@type\":\"ImageObject\",\"inLanguage\":\"es\",\"@id\":\"https:\/\/maresmecircular.cat\/es\/consorcio-para-el-tratamiento-de-residuos-solidos-urbanos-del-maresme\/#primaryimage\",\"url\":\"https:\/\/maresmecircular.cat\/wp-content\/uploads\/2020\/12\/ctrum-banner.png\",\"contentUrl\":\"https:\/\/maresmecircular.cat\/wp-content\/uploads\/2020\/12\/ctrum-banner.png\",\"width\":1435,\"height\":543},{\"@type\":\"BreadcrumbList\",\"@id\":\"https:\/\/maresmecircular.cat\/es\/consorcio-para-el-tratamiento-de-residuos-solidos-urbanos-del-maresme\/#breadcrumb\",\"itemListElement\":[{\"@type\":\"ListItem\",\"position\":1,\"name\":\"Inici\",\"item\":\"https:\/\/maresmecircular.cat\/es\/inici\/\"},{\"@type\":\"ListItem\",\"position\":2,\"name\":\"Consorcio para el Tratamiento de Residuos S\u00f3lidos Urbanos del Maresme\"}]},{\"@type\":\"WebSite\",\"@id\":\"https:\/\/maresmecircular.cat\/#website\",\"url\":\"https:\/\/maresmecircular.cat\/\",\"name\":\"Maresme Circular\",\"description\":\"Maresme Circular\",\"potentialAction\":[{\"@type\":\"SearchAction\",\"target\":{\"@type\":\"EntryPoint\",\"urlTemplate\":\"https:\/\/maresmecircular.cat\/?s={search_term_string}\"},\"query-input\":{\"@type\":\"PropertyValueSpecification\",\"valueRequired\":true,\"valueName\":\"search_term_string\"}}],\"inLanguage\":\"es\"}]}<\/script>\n<!-- \/ Yoast SEO plugin. -->","yoast_head_json":{"title":"Consorcio para el Tratamiento de Residuos S\u00f3lidos Urbanos del Maresme | Maresme Circular","robots":{"index":"index","follow":"follow","max-snippet":"max-snippet:-1","max-image-preview":"max-image-preview:large","max-video-preview":"max-video-preview:-1"},"canonical":"https:\/\/maresmecircular.cat\/es\/consorcio-para-el-tratamiento-de-residuos-solidos-urbanos-del-maresme\/","og_locale":"es_ES","og_type":"article","og_title":"Consorcio para el Tratamiento de Residuos S\u00f3lidos Urbanos del Maresme | Maresme Circular","og_description":"[vc_row css=\u00bb.vc_custom_1606137435723{margin-top: 30px !important;}\u00bb][vc_column][vc_row_inner][vc_column_inner width=\u00bb1\/4&#8243;][vc_single_image image=\u00bb6676&#8243; img_size=\u00bbmedium\u00bb][\/vc_column_inner][vc_column_inner width=\u00bb3\/4&#8243;][vc_column_text] El Consorcio para el Tratamiento de Residuos S\u00f3lidos Urbanos del Maresme es una entidad administrativa constituida por la Diputaci\u00f3n de Barcelona, el Consejo Comarcal del Maresme y 28 municipios de la comarca del Maresme [\/vc_column_text][\/vc_column_inner][\/vc_row_inner][vc_row_inner][vc_column_inner width=\u00bb1\/4&#8243;][\/vc_column_inner][vc_column_inner width=\u00bb1\/4&#8243;][\/vc_column_inner][vc_column_inner width=\u00bb1\/4&#8243;][\/vc_column_inner][vc_column_inner width=\u00bb1\/4&#8243;][\/vc_column_inner][\/vc_row_inner][\/vc_column][\/vc_row][vc_row][vc_column css_animation=\u00bbbounceIn\u00bb][vc_message] Canal de denuncias del Consorci de Residus...","og_url":"https:\/\/maresmecircular.cat\/es\/consorcio-para-el-tratamiento-de-residuos-solidos-urbanos-del-maresme\/","og_site_name":"Maresme Circular","article_modified_time":"2025-05-25T22:04:58+00:00","og_image":[{"width":1435,"height":543,"url":"https:\/\/maresmecircular.cat\/wp-content\/uploads\/2020\/12\/ctrum-banner.png","type":"image\/png"}],"twitter_card":"summary_large_image","twitter_misc":{"Tiempo de lectura":"2 minutos"},"schema":{"@context":"https:\/\/schema.org","@graph":[{"@type":"WebPage","@id":"https:\/\/maresmecircular.cat\/es\/consorcio-para-el-tratamiento-de-residuos-solidos-urbanos-del-maresme\/","url":"https:\/\/maresmecircular.cat\/es\/consorcio-para-el-tratamiento-de-residuos-solidos-urbanos-del-maresme\/","name":"Consorcio para el Tratamiento de Residuos S\u00f3lidos Urbanos del Maresme | Maresme Circular","isPartOf":{"@id":"https:\/\/maresmecircular.cat\/#website"},"primaryImageOfPage":{"@id":"https:\/\/maresmecircular.cat\/es\/consorcio-para-el-tratamiento-de-residuos-solidos-urbanos-del-maresme\/#primaryimage"},"image":{"@id":"https:\/\/maresmecircular.cat\/es\/consorcio-para-el-tratamiento-de-residuos-solidos-urbanos-del-maresme\/#primaryimage"},"thumbnailUrl":"https:\/\/maresmecircular.cat\/wp-content\/uploads\/2020\/12\/ctrum-banner.png","datePublished":"2020-12-28T10:54:21+00:00","dateModified":"2025-05-25T22:04:58+00:00","breadcrumb":{"@id":"https:\/\/maresmecircular.cat\/es\/consorcio-para-el-tratamiento-de-residuos-solidos-urbanos-del-maresme\/#breadcrumb"},"inLanguage":"es","potentialAction":[{"@type":"ReadAction","target":["https:\/\/maresmecircular.cat\/es\/consorcio-para-el-tratamiento-de-residuos-solidos-urbanos-del-maresme\/"]}]},{"@type":"ImageObject","inLanguage":"es","@id":"https:\/\/maresmecircular.cat\/es\/consorcio-para-el-tratamiento-de-residuos-solidos-urbanos-del-maresme\/#primaryimage","url":"https:\/\/maresmecircular.cat\/wp-content\/uploads\/2020\/12\/ctrum-banner.png","contentUrl":"https:\/\/maresmecircular.cat\/wp-content\/uploads\/2020\/12\/ctrum-banner.png","width":1435,"height":543},{"@type":"BreadcrumbList","@id":"https:\/\/maresmecircular.cat\/es\/consorcio-para-el-tratamiento-de-residuos-solidos-urbanos-del-maresme\/#breadcrumb","itemListElement":[{"@type":"ListItem","position":1,"name":"Inici","item":"https:\/\/maresmecircular.cat\/es\/inici\/"},{"@type":"ListItem","position":2,"name":"Consorcio para el Tratamiento de Residuos S\u00f3lidos Urbanos del Maresme"}]},{"@type":"WebSite","@id":"https:\/\/maresmecircular.cat\/#website","url":"https:\/\/maresmecircular.cat\/","name":"Maresme Circular","description":"Maresme Circular","potentialAction":[{"@type":"SearchAction","target":{"@type":"EntryPoint","urlTemplate":"https:\/\/maresmecircular.cat\/?s={search_term_string}"},"query-input":{"@type":"PropertyValueSpecification","valueRequired":true,"valueName":"search_term_string"}}],"inLanguage":"es"}]}},"_links":{"self":[{"href":"https:\/\/maresmecircular.cat\/es\/wp-json\/wp\/v2\/pages\/6421","targetHints":{"allow":["GET"]}}],"collection":[{"href":"https:\/\/maresmecircular.cat\/es\/wp-json\/wp\/v2\/pages"}],"about":[{"href":"https:\/\/maresmecircular.cat\/es\/wp-json\/wp\/v2\/types\/page"}],"author":[{"embeddable":true,"href":"https:\/\/maresmecircular.cat\/es\/wp-json\/wp\/v2\/users\/1"}],"replies":[{"embeddable":true,"href":"https:\/\/maresmecircular.cat\/es\/wp-json\/wp\/v2\/comments?post=6421"}],"version-history":[{"count":15,"href":"https:\/\/maresmecircular.cat\/es\/wp-json\/wp\/v2\/pages\/6421\/revisions"}],"predecessor-version":[{"id":10698,"href":"https:\/\/maresmecircular.cat\/es\/wp-json\/wp\/v2\/pages\/6421\/revisions\/10698"}],"wp:featuredmedia":[{"embeddable":true,"href":"https:\/\/maresmecircular.cat\/es\/wp-json\/wp\/v2\/media\/6462"}],"wp:attachment":[{"href":"https:\/\/maresmecircular.cat\/es\/wp-json\/wp\/v2\/media?parent=6421"}],"curies":[{"name":"wp","href":"https:\/\/api.w.org\/{rel}","templated":true}]}}